{"id":9637,"date":"2025-03-10T10:39:00","date_gmt":"2025-03-10T10:39:00","guid":{"rendered":"https:\/\/bewehrungstechnik.ch\/?page_id=9637"},"modified":"2025-03-10T10:39:03","modified_gmt":"2025-03-10T10:39:03","slug":"unser-umwelt-engagement","status":"publish","type":"page","link":"https:\/\/bewehrungstechnik.ch\/de-de\/unser-umwelt-engagement\/","title":{"rendered":"Unser Umwelt-Engagement"},"content":{"rendered":"\n      <p id=\"block_bb2dc752306fe05f3b86ab33af0dffa0\" class=\"c-title mt-0 mb-6 lg:mb-17 alignwidetext-left l-block\"  >\n  \n  Unser Umwelt-Engagement<\/p>\n\n\n<div class=\"wp-block-columns is-layout-flex wp-container-core-columns-is-layout-9d6595d7 wp-block-columns-is-layout-flex\">\n<div class=\"wp-block-column is-layout-flow wp-block-column-is-layout-flow\">\n<p>Wir vermeiden konsequent Verschwendung! Ob Verbrauchsmaterialien, Energie oder nat\u00fcrliche Ressourcen: Wir \u00fcberwachen den Ressourcenverbrauch und die CO<sub>2<\/sub>-Emissionen unserer Prozesse und optimieren diese kontinuierlich, wo immer es m\u00f6glich ist. Wir wollen steigenden Anforderungen ressourceneffizient begegnen.<\/p>\n\n\n\n<p><strong>Wir achten auf Umweltaspekte<\/strong><br>Bei unseren Aktivit\u00e4ten haben wir immer auch die Umweltaspekte im Blick und korrigieren nichtkonforme Praktiken so schnell wie m\u00f6glich \u2013 und das nicht nur im Rahmen unserer regelm\u00e4ssigen Pr\u00fcfungen.<\/p>\n\n\n\n<p><strong>Wir nehmen unsere Lieferanten in die Pflicht<\/strong><br>Auch von unseren Lieferanten und bevorzugten Partnern erwarten wir eine umweltvertr\u00e4gliche Produktion. Sie m\u00fcssen nachweisen, dass sie \u00fcber geeignete und effektive Managementsysteme verf\u00fcgen.<\/p>\n\n\n\n<p><strong>Wir arbeiten nachhaltig mit Tradition<\/strong><br>Seit \u00fcber 265 Jahren setzen wir bei DKG auf Nachhaltigkeit, partnerschaftliche Mitarbeiter-, Kunden- und Lieferantenbeziehungen und optimierte Prozesse.<\/p>\n\n\n\n<p><strong>Wir sparen Energie<\/strong><br>Energieeffizienz ist ein wichtiger Faktor f\u00fcr unsere Betriebe. Wir setzen Energiesparmassnahmen wo m\u00f6glich um und nutzen verst\u00e4rkt regenerative Energiequellen.<\/p>\n<\/div>\n\n\n\n<div class=\"wp-block-column is-layout-flow wp-block-column-is-layout-flow\">\n<figure class=\"wp-block-image size-full is-resized\"><img loading=\"lazy\" decoding=\"async\" width=\"470\" height=\"239\" src=\"https:\/\/bewehrungstechnik.ch\/wp-content\/uploads\/kloeckner-takes-action-2040-1.jpg\" alt=\"\" class=\"wp-image-8070\" style=\"width:657px;height:auto\" srcset=\"https:\/\/bewehrungstechnik.ch\/wp-content\/uploads\/kloeckner-takes-action-2040-1.jpg 470w, https:\/\/bewehrungstechnik.ch\/wp-content\/uploads\/kloeckner-takes-action-2040-1-300x153.jpg 300w, https:\/\/bewehrungstechnik.ch\/wp-content\/uploads\/kloeckner-takes-action-2040-1-436x222.jpg 436w\" sizes=\"auto, (max-width: 470px) 100vw, 470px\" \/><\/figure>\n\n\n\n<figure class=\"wp-block-image size-full is-resized\"><img loading=\"lazy\" decoding=\"async\" width=\"470\" height=\"220\" src=\"https:\/\/bewehrungstechnik.ch\/wp-content\/uploads\/science-based-targets-debrunner-koenig-ag.jpg\" alt=\"\" class=\"wp-image-8072\" style=\"width:611px;height:auto\" srcset=\"https:\/\/bewehrungstechnik.ch\/wp-content\/uploads\/science-based-targets-debrunner-koenig-ag.jpg 470w, https:\/\/bewehrungstechnik.ch\/wp-content\/uploads\/science-based-targets-debrunner-koenig-ag-300x140.jpg 300w, https:\/\/bewehrungstechnik.ch\/wp-content\/uploads\/science-based-targets-debrunner-koenig-ag-436x204.jpg 436w\" sizes=\"auto, (max-width: 470px) 100vw, 470px\" \/><\/figure>\n<\/div>\n<\/div>\n\n\n\n<p><strong>Wir sind bereits heute CO<sub>2<\/sub>&nbsp;neutral<\/strong><br>Das Vermeiden und Reduzieren von Emissionen steht f\u00fcr uns klar an erster Stelle. Dazu haben wir uns ehrgeizige Klimaziele gesetzt. Mit den derzeitigen technischen M\u00f6glichkeiten, Emissionen zu senken, oder auch Emissionen der Atmosph\u00e4re wieder zu entziehen, k\u00f6nnen wir jedoch jetzt noch nicht alle Emissionen vermeiden. Deshalb kompensieren wir seit Anfang 2022 alle CO<sub>2<\/sub>&#8211; Emissionen aus unserem Scope 1 und 2 vollst\u00e4ndig. In Zusammenarbeit mit der deutschen Non-Profit-Organisation atmosfair unterst\u00fctzen wir mit unserer Kompensationsleistung hochwertige und zertifizierte Gold-Standard Projekte in den Bereichen Erneuerbare Energien und Energieeffizienz, die nachweislich Klimagase einsparen, die andernfalls entstanden w\u00e4ren.<\/p>\n\n\n\n<p><a href=\"https:\/\/www.kloeckner.com\/nachhaltigkeit\/kloeckner-takes-action-2040\/\"><mark style=\"background-color:rgba(0, 0, 0, 0)\" class=\"has-inline-color has-primary-color\">&gt;<\/mark> Kl\u00f6ckner takes action 2040<\/a><\/p>\n\n\n\n<p><a href=\"https:\/\/www.dkg.ch\/dkg\/dkh-home\/%C3%BCber-uns\/nachhaltigkeit\/dkg-sheq-policy-de.pdf\"><mark style=\"background-color:rgba(0, 0, 0, 0)\" class=\"has-inline-color has-primary-color\">&gt;<\/mark> SHEQ Policy&nbsp;(PDF, 230 kB)<\/a><\/p>\n\n\n\n<p><strong>Wir r\u00fcsten unsere Standorte mit E-Ladestationen auf<\/strong><br>Die Nachfrage nach E-Autos steigt weiterhin stark an. Das \u00f6ffentliche Netz von Ladestationen w\u00e4chst zwar kontinuierlich mit, aber langsam. Um die Transformation zur CO<sub>2<\/sub>-freien und damit nachhaltigen Mobilit\u00e4t zu beschleunigen, unterst\u00fctzen wir in Zusammenarbeit mit der swisscharge.ch AG den Ausbau des Ladestationen-Netzes f\u00fcr E-Fahrzeuge. So sind wir daran, unsere Standorte aufzur\u00fcsten \u2013 und zwar nicht nur mit S\u00e4ulen f\u00fcr unsere Mitarbeitenden, sondern auch mit \u00f6ffentlichen. An unserem Standorten in Regensdorf sind E-Ladestationen bereits in Betrieb.<\/p>\n\n\n\n<hr class=\"wp-block-separator has-alpha-channel-opacity\"\/>\n\n\n\n<div class=\"wp-block-columns is-layout-flex wp-container-core-columns-is-layout-9d6595d7 wp-block-columns-is-layout-flex\">\n<div class=\"wp-block-column is-layout-flow wp-block-column-is-layout-flow\">\n<h2 class=\"wp-block-heading has-text-align-center\"><strong><mark style=\"background-color:rgba(0, 0, 0, 0)\" class=\"has-inline-color has-primary-color\"><mark style=\"background-color:rgba(0, 0, 0, 0)\" class=\"has-inline-color has-primary-color\">CO2 \u2013 Kategorisierung Betonstahl<\/mark><\/mark><\/strong><\/h2>\n\n\n\n<p>Um Transparenz und Vergleichbarkeit zwischen verschiedenen Produkten zu erm\u00f6glichen, wurde klare Kategorisierung von CO2-reduziertem Bewehrungsstahl erarbeitet. Festgelegte Grenzwerte ber\u00fccksichtigen CO2-Emissionen w\u00e4hrend der Herstellung und bieten Verbrauchern transparente Informationen. Das Ziel ist, umweltfreundlichere Produkte zu f\u00f6rdern, ohne dabei Greenwashing zu betreiben. Diese Kategorien beruhen auf wissenschaftlichen Erkenntnissen und liefern aussagekr\u00e4ftige Emissionsdaten. Mehr dazu auf der folgenden Seite:<\/p>\n\n\n\n<p><\/p>\n\n\n<div class=\"wp-block-image\">\n<figure class=\"aligncenter size-full is-resized\"><img loading=\"lazy\" decoding=\"async\" width=\"940\" height=\"720\" src=\"https:\/\/bewehrungstechnik.ch\/wp-content\/uploads\/Nexigen_CO2-Kategorisierung-2.png\" alt=\"\" class=\"wp-image-8105\" style=\"width:572px;height:auto\" srcset=\"https:\/\/bewehrungstechnik.ch\/wp-content\/uploads\/Nexigen_CO2-Kategorisierung-2.png 940w, https:\/\/bewehrungstechnik.ch\/wp-content\/uploads\/Nexigen_CO2-Kategorisierung-2-300x230.png 300w, https:\/\/bewehrungstechnik.ch\/wp-content\/uploads\/Nexigen_CO2-Kategorisierung-2-768x588.png 768w, https:\/\/bewehrungstechnik.ch\/wp-content\/uploads\/Nexigen_CO2-Kategorisierung-2-436x334.png 436w, https:\/\/bewehrungstechnik.ch\/wp-content\/uploads\/Nexigen_CO2-Kategorisierung-2-550x421.png 550w\" sizes=\"auto, (max-width: 940px) 100vw, 940px\" \/><\/figure>\n<\/div><\/div>\n\n\n\n<div class=\"wp-block-column is-layout-flow wp-block-column-is-layout-flow\">\n<h2 class=\"wp-block-heading has-text-align-center\"><mark style=\"background-color:rgba(0, 0, 0, 0)\" class=\"has-inline-color has-primary-color\"><strong>Nexigen\u00ae<\/strong> B500B<\/mark><\/h2>\n\n\n\n<p>Nexigen\u00ae f\u00f6rdert nachhaltige Bewehrungen und Bewehrungsl\u00f6sungen, reduziert CO2-Emissionen und unterst\u00fctzt die Schaffung umweltfreundlicher Lieferketten. Ziel ist es, den gr\u00fcnen Wandel zu beschleunigen. Nexigen\u00ae bietet transparente CO2-reduzierte Bewehrungen an, die die CO2-Bilanz von Bauwerken verbessern. Die Herstellung erfolgt mit 100% Wasserkraft und 100% Schrott, wodurch der geringste CO2-Fu\u00dfabdruck im Betonstahlbereich ausgewiesen werden kann. Mehr dazu auf der folgenden Seite:<\/p>\n\n\n\n<p><\/p>\n\n\n<div class=\"wp-block-image\">\n<figure class=\"aligncenter size-full is-resized\"><img loading=\"lazy\" decoding=\"async\" width=\"940\" height=\"720\" src=\"https:\/\/bewehrungstechnik.ch\/wp-content\/uploads\/Nexigen_B500B_Verlinkung.png\" alt=\"\" class=\"wp-image-8097\" style=\"width:591px;height:auto\" srcset=\"https:\/\/bewehrungstechnik.ch\/wp-content\/uploads\/Nexigen_B500B_Verlinkung.png 940w, https:\/\/bewehrungstechnik.ch\/wp-content\/uploads\/Nexigen_B500B_Verlinkung-300x230.png 300w, https:\/\/bewehrungstechnik.ch\/wp-content\/uploads\/Nexigen_B500B_Verlinkung-768x588.png 768w, https:\/\/bewehrungstechnik.ch\/wp-content\/uploads\/Nexigen_B500B_Verlinkung-436x334.png 436w, https:\/\/bewehrungstechnik.ch\/wp-content\/uploads\/Nexigen_B500B_Verlinkung-550x421.png 550w\" sizes=\"auto, (max-width: 940px) 100vw, 940px\" \/><\/figure>\n<\/div><\/div>\n<\/div>\n","protected":false},"excerpt":{"rendered":"<p>Wir vermeiden konsequent Verschwendung! Ob Verbrauchsmaterialien, Energie oder nat\u00fcrliche Ressourcen: Wir \u00fcberwachen den Ressourcenverbrauch und die CO2-Emissionen unserer Prozesse und optimieren diese kontinuierlich, wo immer es m\u00f6glich ist. Wir wollen steigenden Anforderungen ressourceneffizient begegnen. Wir achten auf UmweltaspekteBei unseren Aktivit\u00e4ten haben wir immer auch die Umweltaspekte im Blick und korrigieren nichtkonforme Praktiken so schnell wie [&hellip;]<\/p>\n","protected":false},"author":9,"featured_media":0,"parent":0,"menu_order":0,"comment_status":"closed","ping_status":"closed","template":"","meta":{"_acf_changed":false,"footnotes":""},"class_list":["post-9637","page","type-page","status-publish",""],"acf":[],"yoast_head":"<!-- This site is optimized with the Yoast SEO plugin v27.5 - https:\/\/yoast.com\/product\/yoast-seo-wordpress\/ -->\n<title>Unser Umwelt-Engagement - Bewehrungstechnik<\/title>\n<meta name=\"robots\" content=\"index, follow, max-snippet:-1, max-image-preview:large, max-video-preview:-1\" \/>\n<link rel=\"canonical\" href=\"https:\/\/bewehrungstechnik.ch\/de-de\/unser-umwelt-engagement\/\" \/>\n<meta property=\"og:locale\" content=\"de_DE\" \/>\n<meta property=\"og:type\" content=\"article\" \/>\n<meta property=\"og:title\" content=\"Unser Umwelt-Engagement - Bewehrungstechnik\" \/>\n<meta property=\"og:description\" content=\"Wir vermeiden konsequent Verschwendung! Ob Verbrauchsmaterialien, Energie oder nat\u00fcrliche Ressourcen: Wir \u00fcberwachen den Ressourcenverbrauch und die CO2-Emissionen unserer Prozesse und optimieren diese kontinuierlich, wo immer es m\u00f6glich ist. Wir wollen steigenden Anforderungen ressourceneffizient begegnen. Wir achten auf UmweltaspekteBei unseren Aktivit\u00e4ten haben wir immer auch die Umweltaspekte im Blick und korrigieren nichtkonforme Praktiken so schnell wie [&hellip;]\" \/>\n<meta property=\"og:url\" content=\"https:\/\/bewehrungstechnik.ch\/de-de\/unser-umwelt-engagement\/\" \/>\n<meta property=\"og:site_name\" content=\"Bewehrungstechnik\" \/>\n<meta property=\"article:modified_time\" content=\"2025-03-10T10:39:03+00:00\" \/>\n<meta property=\"og:image\" content=\"https:\/\/bewehrungstechnik.ch\/wp-content\/uploads\/kloeckner-takes-action-2040-1.jpg\" \/>\n\t<meta property=\"og:image:width\" content=\"470\" \/>\n\t<meta property=\"og:image:height\" content=\"239\" \/>\n\t<meta property=\"og:image:type\" content=\"image\/jpeg\" \/>\n<meta name=\"twitter:card\" content=\"summary_large_image\" \/>\n<script type=\"application\/ld+json\" class=\"yoast-schema-graph\">{\"@context\":\"https:\\\/\\\/schema.org\",\"@graph\":[{\"@type\":\"WebPage\",\"@id\":\"https:\\\/\\\/bewehrungstechnik.ch\\\/de-de\\\/unser-umwelt-engagement\\\/\",\"url\":\"https:\\\/\\\/bewehrungstechnik.ch\\\/de-de\\\/unser-umwelt-engagement\\\/\",\"name\":\"Unser Umwelt-Engagement - Bewehrungstechnik\",\"isPartOf\":{\"@id\":\"https:\\\/\\\/bewehrungstechnik.ch\\\/de-de\\\/#website\"},\"primaryImageOfPage\":{\"@id\":\"https:\\\/\\\/bewehrungstechnik.ch\\\/de-de\\\/unser-umwelt-engagement\\\/#primaryimage\"},\"image\":{\"@id\":\"https:\\\/\\\/bewehrungstechnik.ch\\\/de-de\\\/unser-umwelt-engagement\\\/#primaryimage\"},\"thumbnailUrl\":\"https:\\\/\\\/bewehrungstechnik.ch\\\/wp-content\\\/uploads\\\/kloeckner-takes-action-2040-1.jpg\",\"datePublished\":\"2025-03-10T10:39:00+00:00\",\"dateModified\":\"2025-03-10T10:39:03+00:00\",\"breadcrumb\":{\"@id\":\"https:\\\/\\\/bewehrungstechnik.ch\\\/de-de\\\/unser-umwelt-engagement\\\/#breadcrumb\"},\"inLanguage\":\"de\",\"potentialAction\":[{\"@type\":\"ReadAction\",\"target\":[\"https:\\\/\\\/bewehrungstechnik.ch\\\/de-de\\\/unser-umwelt-engagement\\\/\"]}]},{\"@type\":\"ImageObject\",\"inLanguage\":\"de\",\"@id\":\"https:\\\/\\\/bewehrungstechnik.ch\\\/de-de\\\/unser-umwelt-engagement\\\/#primaryimage\",\"url\":\"https:\\\/\\\/bewehrungstechnik.ch\\\/wp-content\\\/uploads\\\/kloeckner-takes-action-2040-1.jpg\",\"contentUrl\":\"https:\\\/\\\/bewehrungstechnik.ch\\\/wp-content\\\/uploads\\\/kloeckner-takes-action-2040-1.jpg\"},{\"@type\":\"BreadcrumbList\",\"@id\":\"https:\\\/\\\/bewehrungstechnik.ch\\\/de-de\\\/unser-umwelt-engagement\\\/#breadcrumb\",\"itemListElement\":[{\"@type\":\"ListItem\",\"position\":1,\"name\":\"Home\",\"item\":\"https:\\\/\\\/bewehrungstechnik.ch\\\/de-de\\\/\"},{\"@type\":\"ListItem\",\"position\":2,\"name\":\"Unser Umwelt-Engagement\"}]},{\"@type\":\"WebSite\",\"@id\":\"https:\\\/\\\/bewehrungstechnik.ch\\\/de-de\\\/#website\",\"url\":\"https:\\\/\\\/bewehrungstechnik.ch\\\/de-de\\\/\",\"name\":\"Bewehrungstechnik\",\"description\":\"Just another WordPress site\",\"publisher\":{\"@id\":\"https:\\\/\\\/bewehrungstechnik.ch\\\/de-de\\\/#organization\"},\"potentialAction\":[{\"@type\":\"SearchAction\",\"target\":{\"@type\":\"EntryPoint\",\"urlTemplate\":\"https:\\\/\\\/bewehrungstechnik.ch\\\/de-de\\\/?s={search_term_string}\"},\"query-input\":{\"@type\":\"PropertyValueSpecification\",\"valueRequired\":true,\"valueName\":\"search_term_string\"}}],\"inLanguage\":\"de\"},{\"@type\":\"Organization\",\"@id\":\"https:\\\/\\\/bewehrungstechnik.ch\\\/de-de\\\/#organization\",\"name\":\"Bewehrungstechnik\",\"url\":\"https:\\\/\\\/bewehrungstechnik.ch\\\/de-de\\\/\",\"logo\":{\"@type\":\"ImageObject\",\"inLanguage\":\"de\",\"@id\":\"https:\\\/\\\/bewehrungstechnik.ch\\\/de-de\\\/#\\\/schema\\\/logo\\\/image\\\/\",\"url\":\"https:\\\/\\\/bewehrungstechnik.ch\\\/wp-content\\\/uploads\\\/2021\\\/03\\\/logo.svg\",\"contentUrl\":\"https:\\\/\\\/bewehrungstechnik.ch\\\/wp-content\\\/uploads\\\/2021\\\/03\\\/logo.svg\",\"width\":436,\"height\":436,\"caption\":\"Bewehrungstechnik\"},\"image\":{\"@id\":\"https:\\\/\\\/bewehrungstechnik.ch\\\/de-de\\\/#\\\/schema\\\/logo\\\/image\\\/\"}}]}<\/script>\n<!-- \/ Yoast SEO plugin. -->","yoast_head_json":{"title":"Unser Umwelt-Engagement - Bewehrungstechnik","robots":{"index":"index","follow":"follow","max-snippet":"max-snippet:-1","max-image-preview":"max-image-preview:large","max-video-preview":"max-video-preview:-1"},"canonical":"https:\/\/bewehrungstechnik.ch\/de-de\/unser-umwelt-engagement\/","og_locale":"de_DE","og_type":"article","og_title":"Unser Umwelt-Engagement - Bewehrungstechnik","og_description":"Wir vermeiden konsequent Verschwendung! Ob Verbrauchsmaterialien, Energie oder nat\u00fcrliche Ressourcen: Wir \u00fcberwachen den Ressourcenverbrauch und die CO2-Emissionen unserer Prozesse und optimieren diese kontinuierlich, wo immer es m\u00f6glich ist. Wir wollen steigenden Anforderungen ressourceneffizient begegnen. Wir achten auf UmweltaspekteBei unseren Aktivit\u00e4ten haben wir immer auch die Umweltaspekte im Blick und korrigieren nichtkonforme Praktiken so schnell wie [&hellip;]","og_url":"https:\/\/bewehrungstechnik.ch\/de-de\/unser-umwelt-engagement\/","og_site_name":"Bewehrungstechnik","article_modified_time":"2025-03-10T10:39:03+00:00","og_image":[{"width":470,"height":239,"url":"https:\/\/bewehrungstechnik.ch\/wp-content\/uploads\/kloeckner-takes-action-2040-1.jpg","type":"image\/jpeg"}],"twitter_card":"summary_large_image","schema":{"@context":"https:\/\/schema.org","@graph":[{"@type":"WebPage","@id":"https:\/\/bewehrungstechnik.ch\/de-de\/unser-umwelt-engagement\/","url":"https:\/\/bewehrungstechnik.ch\/de-de\/unser-umwelt-engagement\/","name":"Unser Umwelt-Engagement - Bewehrungstechnik","isPartOf":{"@id":"https:\/\/bewehrungstechnik.ch\/de-de\/#website"},"primaryImageOfPage":{"@id":"https:\/\/bewehrungstechnik.ch\/de-de\/unser-umwelt-engagement\/#primaryimage"},"image":{"@id":"https:\/\/bewehrungstechnik.ch\/de-de\/unser-umwelt-engagement\/#primaryimage"},"thumbnailUrl":"https:\/\/bewehrungstechnik.ch\/wp-content\/uploads\/kloeckner-takes-action-2040-1.jpg","datePublished":"2025-03-10T10:39:00+00:00","dateModified":"2025-03-10T10:39:03+00:00","breadcrumb":{"@id":"https:\/\/bewehrungstechnik.ch\/de-de\/unser-umwelt-engagement\/#breadcrumb"},"inLanguage":"de","potentialAction":[{"@type":"ReadAction","target":["https:\/\/bewehrungstechnik.ch\/de-de\/unser-umwelt-engagement\/"]}]},{"@type":"ImageObject","inLanguage":"de","@id":"https:\/\/bewehrungstechnik.ch\/de-de\/unser-umwelt-engagement\/#primaryimage","url":"https:\/\/bewehrungstechnik.ch\/wp-content\/uploads\/kloeckner-takes-action-2040-1.jpg","contentUrl":"https:\/\/bewehrungstechnik.ch\/wp-content\/uploads\/kloeckner-takes-action-2040-1.jpg"},{"@type":"BreadcrumbList","@id":"https:\/\/bewehrungstechnik.ch\/de-de\/unser-umwelt-engagement\/#breadcrumb","itemListElement":[{"@type":"ListItem","position":1,"name":"Home","item":"https:\/\/bewehrungstechnik.ch\/de-de\/"},{"@type":"ListItem","position":2,"name":"Unser Umwelt-Engagement"}]},{"@type":"WebSite","@id":"https:\/\/bewehrungstechnik.ch\/de-de\/#website","url":"https:\/\/bewehrungstechnik.ch\/de-de\/","name":"Bewehrungstechnik","description":"Just another WordPress site","publisher":{"@id":"https:\/\/bewehrungstechnik.ch\/de-de\/#organization"},"potentialAction":[{"@type":"SearchAction","target":{"@type":"EntryPoint","urlTemplate":"https:\/\/bewehrungstechnik.ch\/de-de\/?s={search_term_string}"},"query-input":{"@type":"PropertyValueSpecification","valueRequired":true,"valueName":"search_term_string"}}],"inLanguage":"de"},{"@type":"Organization","@id":"https:\/\/bewehrungstechnik.ch\/de-de\/#organization","name":"Bewehrungstechnik","url":"https:\/\/bewehrungstechnik.ch\/de-de\/","logo":{"@type":"ImageObject","inLanguage":"de","@id":"https:\/\/bewehrungstechnik.ch\/de-de\/#\/schema\/logo\/image\/","url":"https:\/\/bewehrungstechnik.ch\/wp-content\/uploads\/2021\/03\/logo.svg","contentUrl":"https:\/\/bewehrungstechnik.ch\/wp-content\/uploads\/2021\/03\/logo.svg","width":436,"height":436,"caption":"Bewehrungstechnik"},"image":{"@id":"https:\/\/bewehrungstechnik.ch\/de-de\/#\/schema\/logo\/image\/"}}]}},"_links":{"self":[{"href":"https:\/\/bewehrungstechnik.ch\/de-de\/wp-json\/wp\/v2\/pages\/9637","targetHints":{"allow":["GET"]}}],"collection":[{"href":"https:\/\/bewehrungstechnik.ch\/de-de\/wp-json\/wp\/v2\/pages"}],"about":[{"href":"https:\/\/bewehrungstechnik.ch\/de-de\/wp-json\/wp\/v2\/types\/page"}],"author":[{"embeddable":true,"href":"https:\/\/bewehrungstechnik.ch\/de-de\/wp-json\/wp\/v2\/users\/9"}],"replies":[{"embeddable":true,"href":"https:\/\/bewehrungstechnik.ch\/de-de\/wp-json\/wp\/v2\/comments?post=9637"}],"version-history":[{"count":1,"href":"https:\/\/bewehrungstechnik.ch\/de-de\/wp-json\/wp\/v2\/pages\/9637\/revisions"}],"predecessor-version":[{"id":9646,"href":"https:\/\/bewehrungstechnik.ch\/de-de\/wp-json\/wp\/v2\/pages\/9637\/revisions\/9646"}],"wp:attachment":[{"href":"https:\/\/bewehrungstechnik.ch\/de-de\/wp-json\/wp\/v2\/media?parent=9637"}],"curies":[{"name":"wp","href":"https:\/\/api.w.org\/{rel}","templated":true}]}}